{"id":153,"date":"2020-01-19T12:25:39","date_gmt":"2020-01-19T11:25:39","guid":{"rendered":"https:\/\/naturjalles.org\/?page_id=153"},"modified":"2026-04-16T22:28:53","modified_gmt":"2026-04-16T20:28:53","slug":"sorties-nature","status":"publish","type":"page","link":"https:\/\/naturjalles.org\/index.php\/sorties-nature\/","title":{"rendered":"Sorties nature"},"content":{"rendered":"\n<h2 class=\"wp-block-heading\">22\/03\/2026 ballade p\u00e9destre  \u00e0 la d\u00e9couverte des patrimoines b\u00e2ti et naturel de Tresses.<\/h2>\n\n\n\n<p>Commune de l&rsquo;aire d&rsquo;attraction de Bordeaux situ\u00e9e dans l\u2019Entre-deux-Mers, Tresses peut se targuer des caract\u00e8res d\u2019une commune rurale en raison de l\u2019emprise encore tr\u00e8s forte des activit\u00e9s agricoles et des espaces naturels.&nbsp;<\/p>\n\n\n\n<p><strong>Tresses <\/strong>conserve un beau patrimoine b\u00e2ti et naturel que nous vous proposons de visiter avec Michel Harpillard, ancien adjoint \u00e0 la culture passionn\u00e9 par l&rsquo;histoire de sa commune et qui propose chaque ann\u00e9e \u00e0 l&rsquo;occasion des journ\u00e9es du patrimoine la visite du centre historique de la commune. Jean-Fran\u00e7ois Larche, notre guide du patrimoine naturel, sera \u00e0 ses c\u00f4t\u00e9s. &nbsp;&nbsp;<\/p>\n\n\n\n<p>Nous visiterons en particulier l&rsquo;\u00e9glise saint-Pierre et l&rsquo;arboretum de Mar\u00e8s rest\u00e9 presque inchang\u00e9 depuis plus d&rsquo;un si\u00e8cle.<\/p>\n\n\n\n<figure class=\"wp-block-image size-large is-resized\"><img loading=\"lazy\" decoding=\"async\" width=\"682\" height=\"1024\" src=\"https:\/\/naturjalles.org\/wp-content\/uploads\/2026\/04\/MARES_AUTOMNE_027-682x1024.jpg\" alt=\"\" class=\"wp-image-585\" style=\"aspect-ratio:1;object-fit:cover;width:570px;height:auto\" srcset=\"https:\/\/naturjalles.org\/wp-content\/uploads\/2026\/04\/MARES_AUTOMNE_027-682x1024.jpg 682w, https:\/\/naturjalles.org\/wp-content\/uploads\/2026\/04\/MARES_AUTOMNE_027-200x300.jpg 200w, https:\/\/naturjalles.org\/wp-content\/uploads\/2026\/04\/MARES_AUTOMNE_027-768x1152.jpg 768w, https:\/\/naturjalles.org\/wp-content\/uploads\/2026\/04\/MARES_AUTOMNE_027-1024x1536.jpg 1024w, https:\/\/naturjalles.org\/wp-content\/uploads\/2026\/04\/MARES_AUTOMNE_027.jpg 1181w\" sizes=\"auto, (max-width: 682px) 100vw, 682px\" \/><\/figure>\n\n\n\n<p>Compte rendu de la matin\u00e9e : <\/p>\n\n\n\n<div data-wp-interactive=\"core\/file\" class=\"wp-block-file\"><object data-wp-bind--hidden=\"!state.hasPdfPreview\" hidden class=\"wp-block-file__embed\" data=\"https:\/\/naturjalles.org\/wp-content\/uploads\/2026\/04\/202603-Sortie-Tresses.pdf\" type=\"application\/pdf\" style=\"width:100%;height:600px\" aria-label=\"Contenu embarqu\u00e9 202603-Sortie Tresses.\"><\/object><a id=\"wp-block-file--media-6380eee8-d34c-4e93-b5b3-271834a8b9ef\" href=\"https:\/\/naturjalles.org\/wp-content\/uploads\/2026\/04\/202603-Sortie-Tresses.pdf\">202603-Sortie Tresses<\/a><a href=\"https:\/\/naturjalles.org\/wp-content\/uploads\/2026\/04\/202603-Sortie-Tresses.pdf\" class=\"wp-block-file__button wp-element-button\" download aria-describedby=\"wp-block-file--media-6380eee8-d34c-4e93-b5b3-271834a8b9ef\">T\u00e9l\u00e9charger<\/a><\/div>\n\n\n\n<h1 class=\"wp-block-heading\"><\/h1>\n\n\n\n<h1 class=\"wp-block-heading\">11\/10\/2025 sortie en vall\u00e9e de Leyre<\/h1>\n\n\n\n<h4 class=\"wp-block-heading\"><strong>Th\u00e9matique:<\/strong><\/h4>\n\n\n\n<p>La Leyre est un fleuve tranquille et sauvage qui s\u2019\u00e9tire sur pr\u00e8s de 100 kms, du sud du Parc naturel jusqu\u2019au bassin d\u2019Arcachon o\u00f9 il s\u2019\u00e9panouit dans un delta. Compos\u00e9e de la Grande-Leyre, la Petite-Leyre et L\u2019Eyre, elle constitue l&rsquo;\u00e9pine dorsale du Parc Naturel R\u00e9gional des Landes de Gascogne. Avec ses nombreux bras, cette v\u00e9ritable petite Amazone, serpente sous une vo\u00fbte d&rsquo;aulnes et de ch\u00eanes entre les touffes d\u2019osmonde royale, foug\u00e8re prot\u00e9g\u00e9e.<\/p>\n\n\n\n<p>Ses milieux associ\u00e9s repr\u00e9sentent des tr\u00e9sors de biodiversit\u00e9 : tourbi\u00e8res, prairies anciennes, bras morts r\u00e9servent des habitats favorables notamment aux carnivores telle la Genette et la Loutre. Ils servent aussi de lieux de nurserie pour les poissons et en particulier de fray\u00e8res aux brochets.<\/p>\n\n\n\n<p>Ses habitats remarquables et ses esp\u00e8ces exceptionnelles dans le lit majeur et tous ses affluents en &nbsp;font un site d&rsquo;int\u00e9r\u00eat communautaire de grande valeur, appel\u00e9 Site Natura 2000. Sa for\u00eat-galerie de feuillus est inscrite au titre de la Loi prot\u00e9geant les paysages. On y trouve des raret\u00e9s comme cette parcelle de cypr\u00e8s chauves qui nous transporte en Louisiane\u2026<\/p>\n\n\n\n<p>Avec notre guide , Jean-Fran\u00e7ois LARCHE, ethnobotaniste, nous irons \u00e0 la d\u00e9couverte de ces paysages dans leurs multiples dimensions &nbsp;( g\u00e9ologique, historique, \u00e9cologique) et nous profiterons de la richesse du milieu pour nous initier \u00e0 la lecture des multiples indices laiss\u00e9s par la faune sauvage\u2026<\/p>\n\n\n\n<p>Compte rendu de la sortie :<\/p>\n\n\n\n<figure class=\"wp-block-image size-full\"><img loading=\"lazy\" decoding=\"async\" width=\"826\" height=\"366\" src=\"https:\/\/naturjalles.org\/wp-content\/uploads\/2025\/09\/cypreschauves.jpg\" alt=\"\" class=\"wp-image-408\" srcset=\"https:\/\/naturjalles.org\/wp-content\/uploads\/2025\/09\/cypreschauves.jpg 826w, https:\/\/naturjalles.org\/wp-content\/uploads\/2025\/09\/cypreschauves-300x133.jpg 300w, https:\/\/naturjalles.org\/wp-content\/uploads\/2025\/09\/cypreschauves-768x340.jpg 768w\" sizes=\"auto, (max-width: 826px) 100vw, 826px\" \/><\/figure>\n\n\n\n<div data-wp-interactive=\"core\/file\" class=\"wp-block-file\"><object data-wp-bind--hidden=\"!state.hasPdfPreview\" hidden class=\"wp-block-file__embed\" data=\"https:\/\/naturjalles.org\/wp-content\/uploads\/2026\/03\/20251011-Vallee-de-Leyre-et-de-la-Gaure-Cypres-chauves.pdf\" type=\"application\/pdf\" style=\"width:100%;height:600px\" aria-label=\"PDF embarqu\u00e9\"><\/object><a href=\"https:\/\/naturjalles.org\/wp-content\/uploads\/2026\/03\/20251011-Vallee-de-Leyre-et-de-la-Gaure-Cypres-chauves.pdf\" class=\"wp-block-file__button wp-element-button\" download>T\u00e9l\u00e9charger<\/a><\/div>\n\n\n\n<p><\/p>\n\n\n\n<h2 class=\"wp-block-heading\"> La Marche Oc\u00e9ane jeudi 19\/06\/2025<\/h2>\n\n\n\n<p>Ce jeudi 19 juin, gr\u00e2ce \u00e0 G\u00e9raldine, nous avons exp\u00e9riment\u00e9 <a href=\"https:\/\/www.fresqueoceane.org\/aller-plus-loin-marche-oceane\">La Marche Oc\u00e9ane<\/a> au bord du ruisseau, le guitard, \u00e0 Saint-M\u00e9dard en Jalles.<\/p>\n\n\n\n<p>G\u00e9raldine, notre guide, oeuvre dans le cadre de l&rsquo;association<a> <strong>La Fresque Oc\u00e9ane<\/strong><\/a>: elle est engag\u00e9e dans un travail de sensibilisation autour de la pr\u00e9servation des oc\u00e9ans. Comme elle l&rsquo;a rappel\u00e9 au d\u00e9part de la marche, tout va \u00e0 l&rsquo;oc\u00e9an ! Le guitard, r\u00e9duit \u00e0 un mince filet d&rsquo;eau \u00e0 cette p\u00e9riode de l&rsquo;ann\u00e9e et au lit tr\u00e8s encaiss\u00e9 et sinueux, nous a offert ses berges d\u00e9licieusement ombrag\u00e9s pour cheminer vers l&rsquo;estuaire puis l&rsquo;oc\u00e9an lointain o\u00f9 ses eaux in\u00e9luctablement se jettent.<\/p>\n\n\n\n<figure class=\"wp-block-gallery has-nested-images columns-default is-cropped wp-block-gallery-1 is-layout-flex wp-block-gallery-is-layout-flex\">\n<figure class=\"wp-block-image size-full\"><img loading=\"lazy\" decoding=\"async\" width=\"324\" height=\"557\" data-id=\"614\" src=\"https:\/\/naturjalles.org\/wp-content\/uploads\/2026\/04\/NKdplHCljYz8hodY-1.png\" alt=\"\" class=\"wp-image-614\" srcset=\"https:\/\/naturjalles.org\/wp-content\/uploads\/2026\/04\/NKdplHCljYz8hodY-1.png 324w, https:\/\/naturjalles.org\/wp-content\/uploads\/2026\/04\/NKdplHCljYz8hodY-1-175x300.png 175w\" sizes=\"auto, (max-width: 324px) 100vw, 324px\" \/><\/figure>\n\n\n\n<figure class=\"wp-block-image size-full\"><img loading=\"lazy\" decoding=\"async\" width=\"876\" height=\"579\" data-id=\"613\" src=\"https:\/\/naturjalles.org\/wp-content\/uploads\/2026\/04\/F7LrzzERzZeoq8jV.png\" alt=\"\" class=\"wp-image-613\" srcset=\"https:\/\/naturjalles.org\/wp-content\/uploads\/2026\/04\/F7LrzzERzZeoq8jV.png 876w, https:\/\/naturjalles.org\/wp-content\/uploads\/2026\/04\/F7LrzzERzZeoq8jV-300x198.png 300w, https:\/\/naturjalles.org\/wp-content\/uploads\/2026\/04\/F7LrzzERzZeoq8jV-768x508.png 768w\" sizes=\"auto, (max-width: 876px) 100vw, 876px\" \/><\/figure>\n\n\n\n<figure class=\"wp-block-image size-full\"><img loading=\"lazy\" decoding=\"async\" width=\"876\" height=\"540\" data-id=\"616\" src=\"https:\/\/naturjalles.org\/wp-content\/uploads\/2026\/04\/oQ5XsuqoSKvZuPys.png\" alt=\"\" class=\"wp-image-616\" srcset=\"https:\/\/naturjalles.org\/wp-content\/uploads\/2026\/04\/oQ5XsuqoSKvZuPys.png 876w, https:\/\/naturjalles.org\/wp-content\/uploads\/2026\/04\/oQ5XsuqoSKvZuPys-300x185.png 300w, https:\/\/naturjalles.org\/wp-content\/uploads\/2026\/04\/oQ5XsuqoSKvZuPys-768x473.png 768w\" sizes=\"auto, (max-width: 876px) 100vw, 876px\" \/><\/figure>\n\n\n\n<figure class=\"wp-block-image size-full\"><img loading=\"lazy\" decoding=\"async\" width=\"276\" height=\"488\" data-id=\"611\" src=\"https:\/\/naturjalles.org\/wp-content\/uploads\/2026\/04\/0GPLDZUsu8VJmRP4.png\" alt=\"\" class=\"wp-image-611\" srcset=\"https:\/\/naturjalles.org\/wp-content\/uploads\/2026\/04\/0GPLDZUsu8VJmRP4.png 276w, https:\/\/naturjalles.org\/wp-content\/uploads\/2026\/04\/0GPLDZUsu8VJmRP4-170x300.png 170w\" sizes=\"auto, (max-width: 276px) 100vw, 276px\" \/><\/figure>\n\n\n\n<figure class=\"wp-block-image size-full\"><img loading=\"lazy\" decoding=\"async\" width=\"311\" height=\"414\" data-id=\"610\" src=\"https:\/\/naturjalles.org\/wp-content\/uploads\/2026\/04\/6mX0Z9tpDcoIF3ji.png\" alt=\"\" class=\"wp-image-610\" srcset=\"https:\/\/naturjalles.org\/wp-content\/uploads\/2026\/04\/6mX0Z9tpDcoIF3ji.png 311w, https:\/\/naturjalles.org\/wp-content\/uploads\/2026\/04\/6mX0Z9tpDcoIF3ji-225x300.png 225w\" sizes=\"auto, (max-width: 311px) 100vw, 311px\" \/><\/figure>\n\n\n\n<figure class=\"wp-block-image size-full\"><img loading=\"lazy\" decoding=\"async\" width=\"430\" height=\"572\" data-id=\"617\" src=\"https:\/\/naturjalles.org\/wp-content\/uploads\/2026\/04\/FDOb6zzDcEf64zwy.png\" alt=\"\" class=\"wp-image-617\" srcset=\"https:\/\/naturjalles.org\/wp-content\/uploads\/2026\/04\/FDOb6zzDcEf64zwy.png 430w, https:\/\/naturjalles.org\/wp-content\/uploads\/2026\/04\/FDOb6zzDcEf64zwy-226x300.png 226w\" sizes=\"auto, (max-width: 430px) 100vw, 430px\" \/><\/figure>\n\n\n\n<figure class=\"wp-block-image size-full\"><img loading=\"lazy\" decoding=\"async\" width=\"644\" height=\"421\" data-id=\"612\" src=\"https:\/\/naturjalles.org\/wp-content\/uploads\/2026\/04\/f7Hw8yk57F9bu0N4.png\" alt=\"\" class=\"wp-image-612\" srcset=\"https:\/\/naturjalles.org\/wp-content\/uploads\/2026\/04\/f7Hw8yk57F9bu0N4.png 644w, https:\/\/naturjalles.org\/wp-content\/uploads\/2026\/04\/f7Hw8yk57F9bu0N4-300x196.png 300w\" sizes=\"auto, (max-width: 644px) 100vw, 644px\" \/><\/figure>\n\n\n\n<figure class=\"wp-block-image size-full\"><img loading=\"lazy\" decoding=\"async\" width=\"644\" height=\"456\" data-id=\"615\" src=\"https:\/\/naturjalles.org\/wp-content\/uploads\/2026\/04\/k5nvTKU60CRc5G3I.png\" alt=\"\" class=\"wp-image-615\" srcset=\"https:\/\/naturjalles.org\/wp-content\/uploads\/2026\/04\/k5nvTKU60CRc5G3I.png 644w, https:\/\/naturjalles.org\/wp-content\/uploads\/2026\/04\/k5nvTKU60CRc5G3I-300x212.png 300w\" sizes=\"auto, (max-width: 644px) 100vw, 644px\" \/><\/figure>\n<\/figure>\n\n\n\n<p>Une marche oc\u00e9ane, c&rsquo;est d&rsquo;abord un dispositif ludique et p\u00e9dagogique en plein air \u2026<\/p>\n\n\n\n<p>&#8230; pour d\u00e9couvrir le monde sous-marin, s\u2019\u00e9merveiller de sa biodiversit\u00e9 et s\u2019interroger sur notre place dans la toile du vivant.<\/p>\n\n\n\n<p>Une marche oc\u00e9ane, c&rsquo;est 5,5km de marche ( nous avons test\u00e9 un format un peu moins long) o\u00f9 chaque m\u00e8tre parcouru repr\u00e9sente 2m de profondeur remont\u00e9e.&nbsp;<\/p>\n\n\n\n<p>D\u00e9marrant dans la fosse des Mariannes \u00e0 11km de profondeur pour d\u00e9couvrir les abysses et les sources hydrothermales, l&rsquo;on remonte vers les zones de chasse des cachalots puis l&rsquo;on partage l\u2019effervescence de la vie du c\u0153ur des r\u00e9cifs coralliens.<\/p>\n\n\n\n<p>Avec son b\u00e2ton, tout le long de la marche, G\u00e9raldine nous a aid\u00e9s \u00e0 nous rep\u00e9rer dans les diff\u00e9rentes zones oc\u00e9aniques: zones hadale, abyssale, bathiale, m\u00e9sale et littorale&#8230; et \u00e0 chaque arr\u00eat figurant un palier suppl\u00e9mentaire, en d\u00e9ployant sur le sol son joli par\u00e9o aux motifs marins, elle nous invitait \u00e0 regarder l&rsquo;oc\u00e9an&nbsp; et ses merveilles&nbsp; pour rencontrer des paysages aquatiques myst\u00e9rieux &#8230; et leurs habitants qui sont tous des g\u00e9nies de l&rsquo;adaptation !<\/p>\n\n\n\n<p>Merci G\u00e9raldine pour ce d\u00e9paysement et pr\u00e9servons l&rsquo;origine de toute vie, notre oc\u00e9an ch\u00e9ri!<\/p>\n\n\n\n<p>Martine<\/p>\n\n\n\n<h2 class=\"wp-block-heading\">Oiseaux nicheurs du petit marais du bec d&rsquo;Amb\u00e9s , dimanche 13\/04\/2025<\/h2>\n\n\n\n<p>Notre sortie de dimanche a b\u00e9n\u00e9fici\u00e9 d&rsquo;une fen\u00eatre entre deux passages pluvieux.<\/p>\n\n\n\n<p>&nbsp;&nbsp;&nbsp; Le petit marais \u00e0 Saint-Vincent de Paul est vraiment un milieu riche qui m\u00e9rite d&rsquo;\u00eatre visit\u00e9 pour ses paysages et les esp\u00e8ces qui y vivent.<\/p>\n\n\n\n<figure class=\"wp-block-image size-full is-resized\"><img loading=\"lazy\" decoding=\"async\" width=\"940\" height=\"671\" src=\"https:\/\/naturjalles.org\/wp-content\/uploads\/2026\/04\/St-vincent-de-paul_Petit-Marais_px.jpg\" alt=\"\" class=\"wp-image-633\" style=\"aspect-ratio:1.4009224996091103;width:617px;height:auto\" srcset=\"https:\/\/naturjalles.org\/wp-content\/uploads\/2026\/04\/St-vincent-de-paul_Petit-Marais_px.jpg 940w, https:\/\/naturjalles.org\/wp-content\/uploads\/2026\/04\/St-vincent-de-paul_Petit-Marais_px-300x214.jpg 300w, https:\/\/naturjalles.org\/wp-content\/uploads\/2026\/04\/St-vincent-de-paul_Petit-Marais_px-768x548.jpg 768w\" sizes=\"auto, (max-width: 940px) 100vw, 940px\" \/><\/figure>\n\n\n\n<p>Les traces d&#8217;empreintes de mammif\u00e8res \u00e9taient nombreuses et bien visibles gr\u00e2ce au sol argileux assoupli par la pluie de la veille. Les iris d&rsquo;eau commencent \u00e0 fleurir et \u00e0 colorer de jaune les \u00e9tendues plates o\u00f9 croissent les joncs et les ronciers.<br>Gr\u00e2ce \u00e0 Olivier, notre guide, nous avons pu entendre et voir des passereaux nicheurs des marais dont la <strong>bergeronnette printani\u00e8re<\/strong>, petit citron perch\u00e9 sur les ronciers et la <strong>gorgebleue \u00e0 miroir<\/strong>, bijoux \u00e9tincelant !&nbsp;<\/p>\n\n\n\n<p>Nous avons tendu l&rsquo;oreille aux stridulations de la <strong>locustelle tachet\u00e9e <\/strong>et \u00e0 au chant r\u00e2peux du <strong>phragmite des joncs<\/strong>&#8230; Mais comme dit Olivier, ce n&rsquo;est pas le moment le plus facile pour apprendre \u00e0 reconna\u00eetre les chants d&rsquo;oiseaux&#8230;ils sont trop nombreux!&nbsp;&nbsp;&nbsp; Merci \u00e0 Andr\u00e9 pour les photos!<\/p>\n\n\n\n<figure class=\"wp-block-image size-full is-resized\"><img loading=\"lazy\" decoding=\"async\" width=\"823\" height=\"486\" src=\"https:\/\/naturjalles.org\/wp-content\/uploads\/2026\/04\/bergeronnette-printaniere-3.png\" alt=\"\" class=\"wp-image-629\" style=\"aspect-ratio:1.6934379320322799;width:613px;height:auto\" srcset=\"https:\/\/naturjalles.org\/wp-content\/uploads\/2026\/04\/bergeronnette-printaniere-3.png 823w, https:\/\/naturjalles.org\/wp-content\/uploads\/2026\/04\/bergeronnette-printaniere-3-300x177.png 300w, https:\/\/naturjalles.org\/wp-content\/uploads\/2026\/04\/bergeronnette-printaniere-3-768x454.png 768w\" sizes=\"auto, (max-width: 823px) 100vw, 823px\" \/><\/figure>\n\n\n\n<figure class=\"wp-block-image size-full is-resized\"><img loading=\"lazy\" decoding=\"async\" width=\"824\" height=\"460\" src=\"https:\/\/naturjalles.org\/wp-content\/uploads\/2026\/04\/gorge-bleue-a-miroir-1.png\" alt=\"\" class=\"wp-image-627\" style=\"aspect-ratio:1.7913312272835356;width:611px;height:auto\" srcset=\"https:\/\/naturjalles.org\/wp-content\/uploads\/2026\/04\/gorge-bleue-a-miroir-1.png 824w, https:\/\/naturjalles.org\/wp-content\/uploads\/2026\/04\/gorge-bleue-a-miroir-1-300x167.png 300w, https:\/\/naturjalles.org\/wp-content\/uploads\/2026\/04\/gorge-bleue-a-miroir-1-768x429.png 768w\" sizes=\"auto, (max-width: 824px) 100vw, 824px\" \/><\/figure>\n\n\n\n<p>A propos des ronciers, plantes mal aim\u00e9es du jardinier, ils sont le refuge des esp\u00e8ces qui \u00e9chappent ainsi \u00e0 leurs pr\u00e9dateurs et peuvent y faire leur nid, ils offrent leurs fleurs \u00e0 butiner et leurs fruits \u00e0 manger et, en milieu forestier, ils permettent aux semis d&rsquo;arbres d&rsquo;\u00eatre prot\u00e9g\u00e9s de la dent des grands herbivores&#8230; D\u00e9j\u00e0 4 raisons de mieux les aimer !<\/p>\n\n\n\n<p>En ce moment et toute la semaine Natur&rsquo;Jalles est&nbsp; \u00e0 la galerie Intermarch\u00e9 de Saint-M\u00e9dard en Jalles pour pr\u00e9senter son exposition hirondelles et sensibiliser aux bonnes pratiques dans son jardin !&nbsp;<\/p>\n\n\n\n<p>A bient\u00f4t peut-\u00eatre!<\/p>\n\n\n\n<h2 class=\"wp-block-heading\">Sortie jardin botanique universitaire de Talence : 22\/03\/2025<\/h2>\n\n\n\n<p>Ce samedi 22 mars, a eu lieu notre sortie au jardin botanique universitaire de Talence.<\/p>\n\n\n\n<p>&nbsp;&nbsp;&nbsp; H\u00e9las, le ciel a d\u00e9vers\u00e9 sur le groupe toute la pluie qui n&rsquo;\u00e9tait pas tomb\u00e9e depuis des semaines nous privant des ext\u00e9rieurs de ce jardin au cadre si pittoresque. Heureusement, les 3 serres \u00e0 la temp\u00e9rature de plus en plus tropicale ( 14\u00b0,17\u00b0 et 28\/30\u00b0) nous ont permis de nous r\u00e9chauffer un peu&#8230;<br><\/p>\n\n\n\n<p>&nbsp;&nbsp;&nbsp; Parlant du froid, notre guide, Alain Badoc, botaniste \u00e0 l&rsquo;\u00e9rudition remarquable, nous a indiqu\u00e9 que la capacit\u00e9 de r\u00e9sistance au froid d&rsquo;une esp\u00e8ce v\u00e9g\u00e9tale \u00e9tait proportionnelle \u00e0 l&rsquo;\u00e9paisseur de son \u00e9corce. La dur\u00e9e de la p\u00e9riode de froid \u00e9tant un facteur plus important que la temp\u00e9rature car, avec la dur\u00e9e, le froid p\u00e9n\u00e8tre peu \u00e0 peu \u00e0 l&rsquo;int\u00e9rieur des cellules.<\/p>\n\n\n\n<p>&nbsp;&nbsp;&nbsp; Il a aussi attir\u00e9 notre attention sur la probl\u00e9matique des EEE ( esp\u00e8ces exotiques envahissantes) dont la gestion exige beaucoup de temps dans un jardin botanique. Ces plantes envahissantes sont celles qui survivent le mieux dans nos int\u00e9rieurs. Attention aux griffes de sorci\u00e8re par exemple qui ont colonis\u00e9 la c\u00f4te d&rsquo;Azur et qui coloniseraient la c\u00f4te atlantique si on n&rsquo;y prenait pas garde! Ces plantes n\u00e9cessitent de la vigilance pour ne pas se propager aux milieux naturels donc mieux vaut ne pas les cultiver dans son jardin!<\/p>\n\n\n\n<p>Dans une ancienne orangerie reconvertie en salle d&rsquo;exposition avec vitrines, nous avons regard\u00e9 des herbiers anciens,documents toujours \u00e9mouvants, dont les parties v\u00e9g\u00e9tales ,si elles sont encore vertes, peuvent faire l&rsquo;objet de pr\u00e9l\u00e8vements pour des recherches g\u00e9n\u00e9tiques. Si vous avez l&rsquo;occasion de passer par Talence, allez vers la pi\u00e8ce d&rsquo;eau au fond du parc Peixotto et d\u00e9ambuler dans les all\u00e9es du jardin botanique, cela vaut le d\u00e9tour!<\/p>\n\n\n\n<div class=\"wp-block-columns is-layout-flex wp-container-core-columns-is-layout-9d6595d7 wp-block-columns-is-layout-flex\">\n<div class=\"wp-block-column is-layout-flow wp-block-column-is-layout-flow\" style=\"flex-basis:66.66%\">\n<figure class=\"wp-block-image size-full is-resized\"><img loading=\"lazy\" decoding=\"async\" width=\"973\" height=\"554\" src=\"https:\/\/naturjalles.org\/wp-content\/uploads\/2026\/04\/V0jHq5b06AZ3H9c4.png\" alt=\"\" class=\"wp-image-637\" style=\"aspect-ratio:1.7563778669440728;width:512px;height:auto\" srcset=\"https:\/\/naturjalles.org\/wp-content\/uploads\/2026\/04\/V0jHq5b06AZ3H9c4.png 973w, https:\/\/naturjalles.org\/wp-content\/uploads\/2026\/04\/V0jHq5b06AZ3H9c4-300x171.png 300w, https:\/\/naturjalles.org\/wp-content\/uploads\/2026\/04\/V0jHq5b06AZ3H9c4-768x437.png 768w\" sizes=\"auto, (max-width: 973px) 100vw, 973px\" \/><\/figure>\n\n\n\n<figure class=\"wp-block-image size-full\"><img loading=\"lazy\" decoding=\"async\" width=\"336\" height=\"532\" src=\"https:\/\/naturjalles.org\/wp-content\/uploads\/2026\/04\/fxustxZMOUi9tQNJ.png\" alt=\"\" class=\"wp-image-639\" srcset=\"https:\/\/naturjalles.org\/wp-content\/uploads\/2026\/04\/fxustxZMOUi9tQNJ.png 336w, https:\/\/naturjalles.org\/wp-content\/uploads\/2026\/04\/fxustxZMOUi9tQNJ-189x300.png 189w\" sizes=\"auto, (max-width: 336px) 100vw, 336px\" \/><\/figure>\n\n\n\n<figure class=\"wp-block-image size-full is-resized\"><img loading=\"lazy\" decoding=\"async\" width=\"352\" height=\"584\" src=\"https:\/\/naturjalles.org\/wp-content\/uploads\/2026\/04\/3BtiW1X8gnlFHTcw.png\" alt=\"\" class=\"wp-image-641\" style=\"aspect-ratio:0.6027452239524803;width:332px;height:auto\" srcset=\"https:\/\/naturjalles.org\/wp-content\/uploads\/2026\/04\/3BtiW1X8gnlFHTcw.png 352w, https:\/\/naturjalles.org\/wp-content\/uploads\/2026\/04\/3BtiW1X8gnlFHTcw-181x300.png 181w\" sizes=\"auto, (max-width: 352px) 100vw, 352px\" \/><\/figure>\n<\/div>\n\n\n\n<div class=\"wp-block-column is-layout-flow wp-block-column-is-layout-flow\" style=\"flex-basis:33.33%\">\n<figure class=\"wp-block-image size-full is-resized\"><img loading=\"lazy\" decoding=\"async\" width=\"334\" height=\"564\" src=\"https:\/\/naturjalles.org\/wp-content\/uploads\/2026\/04\/qGj1SOPXJ30N2PWK.png\" alt=\"\" class=\"wp-image-638\" style=\"aspect-ratio:0.5922028462617759;width:230px;height:auto\" srcset=\"https:\/\/naturjalles.org\/wp-content\/uploads\/2026\/04\/qGj1SOPXJ30N2PWK.png 334w, https:\/\/naturjalles.org\/wp-content\/uploads\/2026\/04\/qGj1SOPXJ30N2PWK-178x300.png 178w\" sizes=\"auto, (max-width: 334px) 100vw, 334px\" \/><\/figure>\n\n\n\n<figure class=\"wp-block-image size-full is-resized\"><img loading=\"lazy\" decoding=\"async\" width=\"336\" height=\"532\" src=\"https:\/\/naturjalles.org\/wp-content\/uploads\/2026\/04\/s0YYYJQBfi2B6WUO.png\" alt=\"\" class=\"wp-image-640\" style=\"aspect-ratio:0.6315733219324497;width:228px;height:auto\" srcset=\"https:\/\/naturjalles.org\/wp-content\/uploads\/2026\/04\/s0YYYJQBfi2B6WUO.png 336w, https:\/\/naturjalles.org\/wp-content\/uploads\/2026\/04\/s0YYYJQBfi2B6WUO-189x300.png 189w\" sizes=\"auto, (max-width: 336px) 100vw, 336px\" \/><\/figure>\n<\/div>\n<\/div>\n\n\n\n<figure class=\"wp-block-image size-full is-resized\"><img loading=\"lazy\" decoding=\"async\" width=\"983\" height=\"545\" src=\"https:\/\/naturjalles.org\/wp-content\/uploads\/2026\/04\/Bsmh7sfMGUGHLJFF.png\" alt=\"\" class=\"wp-image-642\" style=\"aspect-ratio:1.803690655930213;width:574px;height:auto\" srcset=\"https:\/\/naturjalles.org\/wp-content\/uploads\/2026\/04\/Bsmh7sfMGUGHLJFF.png 983w, https:\/\/naturjalles.org\/wp-content\/uploads\/2026\/04\/Bsmh7sfMGUGHLJFF-300x166.png 300w, https:\/\/naturjalles.org\/wp-content\/uploads\/2026\/04\/Bsmh7sfMGUGHLJFF-768x426.png 768w\" sizes=\"auto, (max-width: 983px) 100vw, 983px\" \/><\/figure>\n\n\n\n<h2 class=\"wp-block-heading\">Oies et grues cendr\u00e9es : les 14\/12\/2024 et 22\/01\/2025<\/h2>\n\n\n\n<p>Nos deux sorties de d\u00e9cembre et janvier nous ont offert l&rsquo;occasion d&rsquo;admirer deux beaux oiseaux migrateurs originaires des pays froids: la grue cendr\u00e9e venue des pays scandinaves et l&rsquo;oie bernache cravant venue des confins de la Sib\u00e9rie.<\/p>\n\n\n\n<p>Avec ces deux oiseaux, voyons la d\u00e9pendance de certaines esp\u00e8ces \u00e0 une ressource alimentaire all\u00e9atoire.<br>L&rsquo;augmentation des effectifs de la grue cendr\u00e9e est due \u00e0 sa protection mais surtout \u00e0 la <strong>ma\u00efsiculture<\/strong>. En effet, dans le sud-ouest, elle se r\u00e9gale du ma\u00efs laiss\u00e9&nbsp;dans les chaumes. Cette d\u00e9pendance \u00e0 une nourriture d&rsquo;origine humaine qui n&rsquo;est pas exempte de traitements nocifs a certainement des impacts. Par ailleurs, si la ma\u00efsiculture \u00e9tait amen\u00e9e \u00e0 d\u00e9cro\u00eetre, en raison des tensions grandissantes sur la ressource en eau,&nbsp; les effectifs de grue diminueront sans doute.<\/p>\n\n\n\n<p>&nbsp;&nbsp; Notre 2\u00e8me sortie, par un temps froid mais avec une lumi\u00e8re douce et un ciel laiteux, a ravi les amateurs de paysage &#8230;.<\/p>\n\n\n\n<figure class=\"wp-block-image size-full is-resized\"><img loading=\"lazy\" decoding=\"async\" width=\"596\" height=\"246\" src=\"https:\/\/naturjalles.org\/wp-content\/uploads\/2026\/04\/ET9xuNC0G61WdplC.png\" alt=\"\" class=\"wp-image-646\" style=\"aspect-ratio:2.4228546020453536;width:543px;height:auto\" srcset=\"https:\/\/naturjalles.org\/wp-content\/uploads\/2026\/04\/ET9xuNC0G61WdplC.png 596w, https:\/\/naturjalles.org\/wp-content\/uploads\/2026\/04\/ET9xuNC0G61WdplC-300x124.png 300w\" sizes=\"auto, (max-width: 596px) 100vw, 596px\" \/><\/figure>\n\n\n\n<figure class=\"wp-block-image size-large is-resized\"><img loading=\"lazy\" decoding=\"async\" width=\"1024\" height=\"768\" src=\"https:\/\/naturjalles.org\/wp-content\/uploads\/2026\/04\/P1090636-1024x768.jpg\" alt=\"\" class=\"wp-image-647\" style=\"aspect-ratio:1.3333416007341452;width:491px;height:auto\" srcset=\"https:\/\/naturjalles.org\/wp-content\/uploads\/2026\/04\/P1090636-1024x768.jpg 1024w, https:\/\/naturjalles.org\/wp-content\/uploads\/2026\/04\/P1090636-300x225.jpg 300w, https:\/\/naturjalles.org\/wp-content\/uploads\/2026\/04\/P1090636-768x576.jpg 768w, https:\/\/naturjalles.org\/wp-content\/uploads\/2026\/04\/P1090636-1536x1152.jpg 1536w, https:\/\/naturjalles.org\/wp-content\/uploads\/2026\/04\/P1090636-2048x1536.jpg 2048w\" sizes=\"auto, (max-width: 1024px) 100vw, 1024px\" \/><\/figure>\n\n\n\n<figure class=\"wp-block-image size-full is-resized\"><img loading=\"lazy\" decoding=\"async\" width=\"474\" height=\"713\" src=\"https:\/\/naturjalles.org\/wp-content\/uploads\/2026\/04\/OIP.alOqXqWDTQXycx7tvKmyywHaLJ.webp\" alt=\"\" class=\"wp-image-659\" style=\"aspect-ratio:0.6648038571115494;width:457px;height:auto\" srcset=\"https:\/\/naturjalles.org\/wp-content\/uploads\/2026\/04\/OIP.alOqXqWDTQXycx7tvKmyywHaLJ.webp 474w, https:\/\/naturjalles.org\/wp-content\/uploads\/2026\/04\/OIP.alOqXqWDTQXycx7tvKmyywHaLJ-199x300.webp 199w\" sizes=\"auto, (max-width: 474px) 100vw, 474px\" \/><\/figure>\n\n\n\n<figure class=\"wp-block-image size-full\"><img loading=\"lazy\" decoding=\"async\" width=\"788\" height=\"102\" src=\"https:\/\/naturjalles.org\/wp-content\/uploads\/2026\/04\/croppedimage-0e0e14be621644d2b2161c996ab7c172.png\" alt=\"\" class=\"wp-image-648\" srcset=\"https:\/\/naturjalles.org\/wp-content\/uploads\/2026\/04\/croppedimage-0e0e14be621644d2b2161c996ab7c172.png 788w, https:\/\/naturjalles.org\/wp-content\/uploads\/2026\/04\/croppedimage-0e0e14be621644d2b2161c996ab7c172-300x39.png 300w, https:\/\/naturjalles.org\/wp-content\/uploads\/2026\/04\/croppedimage-0e0e14be621644d2b2161c996ab7c172-768x99.png 768w\" sizes=\"auto, (max-width: 788px) 100vw, 788px\" \/><\/figure>\n\n\n\n<figure class=\"wp-block-image size-full is-resized\"><img loading=\"lazy\" decoding=\"async\" width=\"986\" height=\"449\" src=\"https:\/\/naturjalles.org\/wp-content\/uploads\/2026\/04\/u0HaOZsybx9hIIh8.png\" alt=\"\" class=\"wp-image-649\" style=\"aspect-ratio:2.1960375816993465;width:595px;height:auto\" srcset=\"https:\/\/naturjalles.org\/wp-content\/uploads\/2026\/04\/u0HaOZsybx9hIIh8.png 986w, https:\/\/naturjalles.org\/wp-content\/uploads\/2026\/04\/u0HaOZsybx9hIIh8-300x137.png 300w, https:\/\/naturjalles.org\/wp-content\/uploads\/2026\/04\/u0HaOZsybx9hIIh8-768x350.png 768w\" sizes=\"auto, (max-width: 986px) 100vw, 986px\" \/><\/figure>\n\n\n\n<p>Elle nous a permis de comprendre la d\u00e9pendance de la bernache \u00e0 une nourriture quasi exclusive: la <strong>zost\u00e8re<\/strong>. Le bassin d&rsquo;Arcachon est le premier site d&rsquo;hivernage europ\u00e9en de cette petite oie car il abrite la plus grande superficie d&rsquo;herbiers marins. H\u00e9las, en 30 ans, ces herbiers ont consid\u00e9rablement r\u00e9gress\u00e9 en raison du r\u00e9chauffement des eaux li\u00e9 au changement climatique, de la pollution et des activit\u00e9s humaines.  Le parc Naturel Marin a pour objectif de freiner et d&rsquo;inverser cette tendance: des exp\u00e9riences de semis de zost\u00e8res prot\u00e9g\u00e9s par une barri\u00e8re constitu\u00e9e par un chevelu ( voir photo) sont en cours. Ces chevelus sont cens\u00e9s ralentir les courants, condition indispensable \u00e0 la pousse de la zost\u00e8re. <\/p>\n\n\n\n<figure class=\"wp-block-image size-full is-resized\"><img loading=\"lazy\" decoding=\"async\" width=\"693\" height=\"537\" src=\"https:\/\/naturjalles.org\/wp-content\/uploads\/2026\/04\/SZ2jnLROug8ra6Bz.png\" alt=\"\" class=\"wp-image-652\" style=\"aspect-ratio:1.2905112462536736;width:561px;height:auto\" srcset=\"https:\/\/naturjalles.org\/wp-content\/uploads\/2026\/04\/SZ2jnLROug8ra6Bz.png 693w, https:\/\/naturjalles.org\/wp-content\/uploads\/2026\/04\/SZ2jnLROug8ra6Bz-300x232.png 300w\" sizes=\"auto, (max-width: 693px) 100vw, 693px\" \/><\/figure>\n\n\n\n<p><\/p>\n\n\n\n<h2 class=\"wp-block-heading\">For\u00eat de Canejan le 29\/09\/2024<\/h2>\n\n\n\n<p>Voici quelques anecdotes&nbsp; de notre sortie en for\u00eat de CANEJEAN, lieu de notre promenade-conf\u00e9rence !<br>Notre guide Jean-Fran\u00e7ois Larche nous a entra\u00een\u00e9s dans un voyage temporel \u00e0 partir des indices de terrain: la d\u00e9clivit\u00e9 du paysage et les galets au sol des all\u00e9es, t\u00e9moins de l&rsquo;\u00e9poque de la Pal\u00e9o-Garonne et des temps pr\u00e9historiques, le reste du moulin sur l&rsquo;Eau-Bourde, dernier vestige de la grande \u00e9poque des moulins \u00e0 eau du XIII \u00e8me si\u00e8cle &#8230;<\/p>\n\n\n\n<p>Il nous a aussi racont\u00e9 cet hiver sib\u00e9rien de 1709 qui a d\u00e9truit la for\u00eat en France avec ses 3 semaines \u00e0 moins 20 degr\u00e9s, les chroniques de l&rsquo;\u00e9poque racontant comment on entendait les ch\u00eanes \u00e9clater avec un bruit tel un coup de mousquet!<\/p>\n\n\n\n<p>Il nous a appris que la fr\u00eale aub\u00e9pine gr\u00e2ce \u00e0 sa prodigieuse long\u00e9vit\u00e9 ( 1000 ans!) servait autrefois \u00e0 borner les champs mieux que les documents cadastraux!<br>Et tant d&rsquo;autres histoires m\u00ealant les hommes et les arbres &#8230;<\/p>\n\n\n\n<p>Voici quelques photos : \u00ab\u00a0les 7 fr\u00e8res\u00a0\u00bb et le \u00ab\u00a0ch\u00eane des amoureux\u00a0\u00bb<\/p>\n\n\n\n<figure class=\"wp-block-image size-large is-resized\"><img loading=\"lazy\" decoding=\"async\" width=\"768\" height=\"1024\" src=\"https:\/\/naturjalles.org\/wp-content\/uploads\/2026\/04\/20240929_145254-768x1024.jpg\" alt=\"\" class=\"wp-image-655\" style=\"aspect-ratio:0.7499961852445258;width:547px;height:auto\" srcset=\"https:\/\/naturjalles.org\/wp-content\/uploads\/2026\/04\/20240929_145254-768x1024.jpg 768w, https:\/\/naturjalles.org\/wp-content\/uploads\/2026\/04\/20240929_145254-225x300.jpg 225w, https:\/\/naturjalles.org\/wp-content\/uploads\/2026\/04\/20240929_145254-1152x1536.jpg 1152w, https:\/\/naturjalles.org\/wp-content\/uploads\/2026\/04\/20240929_145254-1536x2048.jpg 1536w, https:\/\/naturjalles.org\/wp-content\/uploads\/2026\/04\/20240929_145254-scaled.jpg 1920w\" sizes=\"auto, (max-width: 768px) 100vw, 768px\" \/><\/figure>\n\n\n\n<figure class=\"wp-block-image size-large is-resized\"><img loading=\"lazy\" decoding=\"async\" width=\"768\" height=\"1024\" src=\"https:\/\/naturjalles.org\/wp-content\/uploads\/2026\/04\/20240929_125409-768x1024.jpg\" alt=\"\" class=\"wp-image-656\" style=\"aspect-ratio:0.7499961852445258;width:529px;height:auto\" srcset=\"https:\/\/naturjalles.org\/wp-content\/uploads\/2026\/04\/20240929_125409-768x1024.jpg 768w, https:\/\/naturjalles.org\/wp-content\/uploads\/2026\/04\/20240929_125409-225x300.jpg 225w, https:\/\/naturjalles.org\/wp-content\/uploads\/2026\/04\/20240929_125409-1152x1536.jpg 1152w, https:\/\/naturjalles.org\/wp-content\/uploads\/2026\/04\/20240929_125409-1536x2048.jpg 1536w, https:\/\/naturjalles.org\/wp-content\/uploads\/2026\/04\/20240929_125409-scaled.jpg 1920w\" sizes=\"auto, (max-width: 768px) 100vw, 768px\" \/><\/figure>\n","protected":false},"excerpt":{"rendered":"<p>22\/03\/2026 ballade p\u00e9destre \u00e0 la d\u00e9couverte des patrimoines b\u00e2ti et naturel de Tresses. Commune de l&rsquo;aire d&rsquo;attraction de Bordeaux situ\u00e9e dans l\u2019Entre-deux-Mers, Tresses peut se targuer des caract\u00e8res d\u2019une commune rurale en raison de l\u2019emprise encore tr\u00e8s forte des activit\u00e9s agricoles et des espaces naturels.&nbsp; Tresses conserve un beau patrimoine b\u00e2ti et naturel que nous [&hellip;]<\/p>\n","protected":false},"author":1,"featured_media":0,"parent":0,"menu_order":0,"comment_status":"closed","ping_status":"closed","template":"","meta":{"_monsterinsights_skip_tracking":false,"_monsterinsights_sitenote_active":false,"_monsterinsights_sitenote_note":"","_monsterinsights_sitenote_category":0,"footnotes":""},"class_list":["post-153","page","type-page","status-publish","hentry"],"_links":{"self":[{"href":"https:\/\/naturjalles.org\/index.php\/wp-json\/wp\/v2\/pages\/153","targetHints":{"allow":["GET"]}}],"collection":[{"href":"https:\/\/naturjalles.org\/index.php\/wp-json\/wp\/v2\/pages"}],"about":[{"href":"https:\/\/naturjalles.org\/index.php\/wp-json\/wp\/v2\/types\/page"}],"author":[{"embeddable":true,"href":"https:\/\/naturjalles.org\/index.php\/wp-json\/wp\/v2\/users\/1"}],"replies":[{"embeddable":true,"href":"https:\/\/naturjalles.org\/index.php\/wp-json\/wp\/v2\/comments?post=153"}],"version-history":[{"count":24,"href":"https:\/\/naturjalles.org\/index.php\/wp-json\/wp\/v2\/pages\/153\/revisions"}],"predecessor-version":[{"id":661,"href":"https:\/\/naturjalles.org\/index.php\/wp-json\/wp\/v2\/pages\/153\/revisions\/661"}],"wp:attachment":[{"href":"https:\/\/naturjalles.org\/index.php\/wp-json\/wp\/v2\/media?parent=153"}],"curies":[{"name":"wp","href":"https:\/\/api.w.org\/{rel}","templated":true}]}}