{"id":134,"date":"2020-01-19T11:50:36","date_gmt":"2020-01-19T10:50:36","guid":{"rendered":"https:\/\/naturjalles.org\/?page_id=134"},"modified":"2026-03-11T11:18:28","modified_gmt":"2026-03-11T10:18:28","slug":"notre-expertise","status":"publish","type":"page","link":"https:\/\/naturjalles.org\/index.php\/notre-expertise\/","title":{"rendered":"Notre expertise"},"content":{"rendered":"\n<p><strong>Nous sommes&nbsp;<\/strong>une association de protection de la nature et de l\u2019environnement (APNE) cr\u00e9\u00e9e en 2008.<\/p>\n\n\n\n<p><strong>Notre territoire <\/strong>couvreSaint-M\u00e9dard en Jalles et ses 8 communes limitrophes&nbsp;: St Aubin, Le Taillan, Le Haillan, M\u00e9rignac,St Jean-d\u2019Illac, Martignas, Le temple, Salaunes.<\/p>\n\n\n\n<p><strong>Nos missions \u2026<\/strong><\/p>\n\n\n\n<p><strong>\u2192 Informer \/ sensibiliser&nbsp;\/ impliquer:<\/strong><\/p>\n\n\n\n<p>par des sorties nature ( patrimoine naturel, esp\u00e8ces prot\u00e9g\u00e9es, zones humides &#8230;)<\/p>\n\n\n\n<p>par des animations en milieu scolaire ( visite de l\u2019exposition hirondelles)<\/p>\n\n\n\n<p>par des stands dans des lieux grand-public<\/p>\n\n\n\n<p>par des ateliers pratiques<\/p>\n\n\n\n<p><strong>\u2192 Conna\u00eetre\/pr\u00e9server&nbsp;:<\/strong><\/p>\n\n\n\n<p>Par le recensement des hirondelles depuis 2016 sur SMJ&nbsp;: 10\u00e8me ann\u00e9e avec une palette d\u2019actions de terrain&nbsp;!<\/p>\n\n\n\n<p><strong>\u2192 Proposer\/ alerter&nbsp;:<\/strong><\/p>\n\n\n\n<p>Par une veille concernant la protection des arbres dans les gros projets immobiliers de SMJ<\/p>\n\n\n\n<p>Par la participation \u00e0 la campagne Sentinelles de la Nuit de FNE pour lutter contre la pollution lumineuse<\/p>\n\n\n\n<p><strong>\u2192 Vivre notre sensibilit\u00e9 \u00e0 la nature dans l\u2019amiti\u00e9 et le partage<\/strong>&nbsp;:<\/p>\n\n\n\n<p>Par des temps conviviaux r\u00e9guliers&nbsp;&nbsp;&nbsp;&nbsp;&nbsp;&nbsp;&nbsp;&nbsp;&nbsp;&nbsp;&nbsp;&nbsp;&nbsp;&nbsp;&nbsp;&nbsp;&nbsp;<\/p>\n\n\n\n<p><strong>Nous suivre et nous rejoindre \u2026<\/strong><\/p>\n\n\n\n<p><a href=\"https:\/\/www.facebook.com\/naturjalles33\">https:\/\/www.facebook.com\/naturjalles33<\/a><\/p>\n\n\n\n<p>Pour adh\u00e9rer &nbsp;&nbsp;: se connecter sur <strong>Helloasso<\/strong>  <a href=\"https:\/\/www.helloasso.com\/associations\/naturjalles\/adhesions\/bulletin-d-adhesion-natur-jalles\">https:\/\/www.helloasso.com\/associations\/naturjalles\/adhesions\/bulletin-d-adhesion-natur-jalles<\/a><\/p>\n\n\n\n<p><\/p>\n","protected":false},"excerpt":{"rendered":"<p>Nous sommes&nbsp;une association de protection de la nature et de l\u2019environnement (APNE) cr\u00e9\u00e9e en 2008. Notre territoire couvreSaint-M\u00e9dard en Jalles et ses 8 communes limitrophes&nbsp;: St Aubin, Le Taillan, Le Haillan, M\u00e9rignac,St Jean-d\u2019Illac, Martignas, Le temple, Salaunes. Nos missions \u2026 \u2192 Informer \/ sensibiliser&nbsp;\/ impliquer: par des sorties nature ( patrimoine naturel, esp\u00e8ces prot\u00e9g\u00e9es, zones [&hellip;]<\/p>\n","protected":false},"author":1,"featured_media":0,"parent":0,"menu_order":0,"comment_status":"closed","ping_status":"closed","template":"","meta":{"_monsterinsights_skip_tracking":false,"_monsterinsights_sitenote_active":false,"_monsterinsights_sitenote_note":"","_monsterinsights_sitenote_category":0,"footnotes":""},"class_list":["post-134","page","type-page","status-publish","hentry"],"_links":{"self":[{"href":"https:\/\/naturjalles.org\/index.php\/wp-json\/wp\/v2\/pages\/134","targetHints":{"allow":["GET"]}}],"collection":[{"href":"https:\/\/naturjalles.org\/index.php\/wp-json\/wp\/v2\/pages"}],"about":[{"href":"https:\/\/naturjalles.org\/index.php\/wp-json\/wp\/v2\/types\/page"}],"author":[{"embeddable":true,"href":"https:\/\/naturjalles.org\/index.php\/wp-json\/wp\/v2\/users\/1"}],"replies":[{"embeddable":true,"href":"https:\/\/naturjalles.org\/index.php\/wp-json\/wp\/v2\/comments?post=134"}],"version-history":[{"count":3,"href":"https:\/\/naturjalles.org\/index.php\/wp-json\/wp\/v2\/pages\/134\/revisions"}],"predecessor-version":[{"id":469,"href":"https:\/\/naturjalles.org\/index.php\/wp-json\/wp\/v2\/pages\/134\/revisions\/469"}],"wp:attachment":[{"href":"https:\/\/naturjalles.org\/index.php\/wp-json\/wp\/v2\/media?parent=134"}],"curies":[{"name":"wp","href":"https:\/\/api.w.org\/{rel}","templated":true}]}}